{"id":104,"date":"2022-08-20T13:21:31","date_gmt":"2022-08-20T13:21:31","guid":{"rendered":"https:\/\/www.stt-meisterschaft.at\/?page_id=104"},"modified":"2026-03-27T10:40:32","modified_gmt":"2026-03-27T10:40:32","slug":"ansprechpersonen-stt-meisterschaft","status":"publish","type":"page","link":"https:\/\/www.stt-meisterschaft.at\/index.php\/ansprechpersonen-stt-meisterschaft\/","title":{"rendered":"Ansprechpersonen"},"content":{"rendered":"\n<div class=\"wp-block-group\"><div class=\"wp-block-group__inner-container is-layout-flow wp-block-group-is-layout-flow\"><\/div><\/div>\n\n\n\n<p class=\"has-black-color has-text-color\"><\/p>\n\n\n\n<hr class=\"wp-block-separator has-alpha-channel-opacity\"\/>\n\n\n\n<figure class=\"wp-block-image size-full is-resized\"><img loading=\"lazy\" decoding=\"async\" width=\"1024\" height=\"1024\" src=\"https:\/\/www.stt-meisterschaft.at\/wp-content\/uploads\/2023\/09\/image.png\" alt=\"\" class=\"wp-image-246\" style=\"object-fit:cover;width:301px;height:301px\" srcset=\"https:\/\/www.stt-meisterschaft.at\/wp-content\/uploads\/2023\/09\/image.png 1024w, https:\/\/www.stt-meisterschaft.at\/wp-content\/uploads\/2023\/09\/image-300x300.png 300w, https:\/\/www.stt-meisterschaft.at\/wp-content\/uploads\/2023\/09\/image-150x150.png 150w, https:\/\/www.stt-meisterschaft.at\/wp-content\/uploads\/2023\/09\/image-768x768.png 768w\" sizes=\"auto, (max-width: 1024px) 100vw, 1024px\" \/><\/figure>\n\n\n\n<p class=\"has-black-color has-text-color\"><strong>STT MULTITASK<\/strong><br>Maximilian Kalkhofer 0664 \/ 1300385<br>Christian Neshold 0660 \/ 3969796<br>Dressen: Rot\/Schwarz\/Rot<\/p>\n\n\n\n<hr class=\"wp-block-separator has-alpha-channel-opacity\"\/>\n\n\n\n<figure class=\"wp-block-image size-full is-resized\"><img loading=\"lazy\" decoding=\"async\" width=\"455\" height=\"489\" src=\"https:\/\/www.stt-meisterschaft.at\/wp-content\/uploads\/2022\/08\/image-13.png\" alt=\"\" class=\"wp-image-158\" style=\"object-fit:cover;width:301px;height:301px\" srcset=\"https:\/\/www.stt-meisterschaft.at\/wp-content\/uploads\/2022\/08\/image-13.png 455w, https:\/\/www.stt-meisterschaft.at\/wp-content\/uploads\/2022\/08\/image-13-279x300.png 279w\" sizes=\"auto, (max-width: 455px) 100vw, 455px\" \/><\/figure>\n\n\n\n<p class=\"has-black-color has-text-color\"><br><strong>GSV St. Oswald<\/strong><br>Lukas Trattner  0699 \/ 17117454<br>Gerhard W\u00f6lger  0664 \/ 2015612<br>Heim: Gr\u00fcn Schwarz<br>Ausw\u00e4rts: Gelb Schwarz<\/p>\n\n\n\n<p class=\"has-black-color has-text-color\"><\/p>\n\n\n\n<hr class=\"wp-block-separator has-alpha-channel-opacity\"\/>\n\n\n\n<figure class=\"wp-block-image size-full is-resized\"><img loading=\"lazy\" decoding=\"async\" width=\"225\" height=\"225\" src=\"https:\/\/www.stt-meisterschaft.at\/wp-content\/uploads\/2022\/08\/image-4.png\" alt=\"\" class=\"wp-image-117\" style=\"width:302px;height:302px\" srcset=\"https:\/\/www.stt-meisterschaft.at\/wp-content\/uploads\/2022\/08\/image-4.png 225w, https:\/\/www.stt-meisterschaft.at\/wp-content\/uploads\/2022\/08\/image-4-150x150.png 150w\" sizes=\"auto, (max-width: 225px) 100vw, 225px\" \/><\/figure>\n\n\n\n<p class=\"has-black-color has-text-color\"><strong>HFC Mochart<\/strong><br>R\u00f6\u00dfl Josef 06767552900<br>Rauscher Pierre 0664 8492237<br>Dressen: Asphaltgrau und Grau-Beige<\/p>\n\n\n\n<hr class=\"wp-block-separator has-alpha-channel-opacity\"\/>\n\n\n\n<figure class=\"wp-block-image size-large is-resized\"><img loading=\"lazy\" decoding=\"async\" width=\"1024\" height=\"1024\" src=\"https:\/\/www.stt-meisterschaft.at\/wp-content\/uploads\/2024\/09\/image-1024x1024.png\" alt=\"\" class=\"wp-image-284\" style=\"width:277px;height:auto\" srcset=\"https:\/\/www.stt-meisterschaft.at\/wp-content\/uploads\/2024\/09\/image-1024x1024.png 1024w, https:\/\/www.stt-meisterschaft.at\/wp-content\/uploads\/2024\/09\/image-300x300.png 300w, https:\/\/www.stt-meisterschaft.at\/wp-content\/uploads\/2024\/09\/image-150x150.png 150w, https:\/\/www.stt-meisterschaft.at\/wp-content\/uploads\/2024\/09\/image-768x768.png 768w, https:\/\/www.stt-meisterschaft.at\/wp-content\/uploads\/2024\/09\/image-1536x1536.png 1536w, https:\/\/www.stt-meisterschaft.at\/wp-content\/uploads\/2024\/09\/image-1080x1080.png 1080w, https:\/\/www.stt-meisterschaft.at\/wp-content\/uploads\/2024\/09\/image.png 1600w\" sizes=\"auto, (max-width: 1024px) 100vw, 1024px\" \/><\/figure>\n\n\n\n<p class=\"has-black-color has-text-color\"><strong>SPG<\/strong> <strong>HFC \u201eDiner PIZZBURG\u201c St. Johan<\/strong><br>Kevin Schasche 0660 \/ 2910 240<br>Dominik Schrei  0664 \/ 5148856<br>Heimdressen: Blau\/Schwarz\/Blau<\/p>\n\n\n\n<hr class=\"wp-block-separator has-alpha-channel-opacity\"\/>\n\n\n\n<figure class=\"wp-block-image size-full is-resized\"><img loading=\"lazy\" decoding=\"async\" width=\"750\" height=\"749\" src=\"https:\/\/www.stt-meisterschaft.at\/wp-content\/uploads\/2022\/08\/image-6.png\" alt=\"\" class=\"wp-image-130\" style=\"width:303px;height:303px\" srcset=\"https:\/\/www.stt-meisterschaft.at\/wp-content\/uploads\/2022\/08\/image-6.png 750w, https:\/\/www.stt-meisterschaft.at\/wp-content\/uploads\/2022\/08\/image-6-300x300.png 300w, https:\/\/www.stt-meisterschaft.at\/wp-content\/uploads\/2022\/08\/image-6-150x150.png 150w\" sizes=\"auto, (max-width: 750px) 100vw, 750px\" \/><\/figure>\n\n\n\n<p class=\"has-black-color has-text-color\"><strong>HV TDP Stainz<\/strong><br>BOHACEK Philipp 0664 \/ 4442381<br>FABIAN Daniel 0660 \/ 6878818<br>Heim: Grau-wei\u00df<br>Ausw\u00e4rts: Dunkelblau-Magenta<\/p>\n\n\n\n<hr class=\"wp-block-separator has-alpha-channel-opacity\"\/>\n\n\n\n<figure class=\"wp-block-image size-full\"><img loading=\"lazy\" decoding=\"async\" width=\"240\" height=\"229\" src=\"https:\/\/www.stt-meisterschaft.at\/wp-content\/uploads\/2026\/03\/image.png\" alt=\"\" class=\"wp-image-300\"\/><\/figure>\n\n\n\n<p class=\"has-black-color has-text-color\"><strong>SK Hohenburg<\/strong><br>Christoph Bergmann 0664 \/ 9732018<br>Peter Schlemmer 0664 \/ 88356017<br>Dressen: Rot\/Rot\/Rot<br>Heimdressen: Olive\/Olive\/Olive<\/p>\n\n\n\n<hr class=\"wp-block-separator has-alpha-channel-opacity\"\/>\n\n\n\n<figure class=\"wp-block-image size-full is-resized\"><img loading=\"lazy\" decoding=\"async\" width=\"527\" height=\"527\" src=\"https:\/\/www.stt-meisterschaft.at\/wp-content\/uploads\/2023\/05\/image.png\" alt=\"\" class=\"wp-image-209\" style=\"width:292px;height:292px\" srcset=\"https:\/\/www.stt-meisterschaft.at\/wp-content\/uploads\/2023\/05\/image.png 527w, https:\/\/www.stt-meisterschaft.at\/wp-content\/uploads\/2023\/05\/image-300x300.png 300w, https:\/\/www.stt-meisterschaft.at\/wp-content\/uploads\/2023\/05\/image-150x150.png 150w\" sizes=\"auto, (max-width: 527px) 100vw, 527px\" \/><\/figure>\n\n\n\n<p class=\"has-black-color has-text-color\"><strong>STT Dorfwirt M\u00fcller<\/strong><br>Erich Pichler 0664 \/ 3525494<br>Manuel Burgstaller 0660 \/ 4046017<br>Dressen: Schwarz-Wei\u00df\/Schwarz\/Schwarz<\/p>\n\n\n\n<hr class=\"wp-block-separator has-alpha-channel-opacity\"\/>\n\n\n\n<figure class=\"wp-block-image size-full is-resized\"><img loading=\"lazy\" decoding=\"async\" width=\"640\" height=\"641\" src=\"https:\/\/www.stt-meisterschaft.at\/wp-content\/uploads\/2022\/08\/image-8.png\" alt=\"\" class=\"wp-image-136\" style=\"width:301px;height:301px\" srcset=\"https:\/\/www.stt-meisterschaft.at\/wp-content\/uploads\/2022\/08\/image-8.png 640w, https:\/\/www.stt-meisterschaft.at\/wp-content\/uploads\/2022\/08\/image-8-300x300.png 300w, https:\/\/www.stt-meisterschaft.at\/wp-content\/uploads\/2022\/08\/image-8-150x150.png 150w\" sizes=\"auto, (max-width: 640px) 100vw, 640px\" \/><\/figure>\n\n\n\n<p class=\"has-black-color has-text-color\"><strong>STT F\u00fcrnd\u00f6rfler<\/strong><br>Johannes Ruprechter 0664 \/ 9445884<br>Dressen: Schwarz\/Blau, Schwarz, Schwarz<\/p>\n\n\n\n<hr class=\"wp-block-separator has-alpha-channel-opacity\"\/>\n\n\n\n<figure class=\"wp-block-image size-large is-resized\"><img loading=\"lazy\" decoding=\"async\" width=\"722\" height=\"1024\" src=\"https:\/\/www.stt-meisterschaft.at\/wp-content\/uploads\/2022\/08\/image-9-722x1024.png\" alt=\"\" class=\"wp-image-137\" style=\"width:300px;height:426px\" srcset=\"https:\/\/www.stt-meisterschaft.at\/wp-content\/uploads\/2022\/08\/image-9-722x1024.png 722w, https:\/\/www.stt-meisterschaft.at\/wp-content\/uploads\/2022\/08\/image-9-212x300.png 212w, https:\/\/www.stt-meisterschaft.at\/wp-content\/uploads\/2022\/08\/image-9-768x1089.png 768w, https:\/\/www.stt-meisterschaft.at\/wp-content\/uploads\/2022\/08\/image-9-762x1080.png 762w, https:\/\/www.stt-meisterschaft.at\/wp-content\/uploads\/2022\/08\/image-9.png 828w\" sizes=\"auto, (max-width: 722px) 100vw, 722px\" \/><\/figure>\n\n\n\n<p class=\"has-black-color has-text-color\"><strong>STT Mausser<\/strong><\/p>\n\n\n\n<div class=\"wp-block-group\"><div class=\"wp-block-group__inner-container is-layout-constrained wp-block-group-is-layout-constrained\">\n<div class=\"wp-block-group\"><div class=\"wp-block-group__inner-container is-layout-constrained wp-block-group-is-layout-constrained\">\n<p class=\"has-black-color has-text-color\">Manuel Saubarth 0676 \/ 4900131<br>Michi Hammerl 0676 \/ 3548704<br>Alexander Schlatzer 0664 \/ 1848394<br>Andreas Panzer 0664 \/ 3968859<br>Dressen: Rot\/Rot\/Rot<\/p>\n<\/div><\/div>\n<\/div><\/div>\n\n\n\n<hr class=\"wp-block-separator has-alpha-channel-opacity\"\/>\n\n\n\n<figure class=\"wp-block-image size-full is-resized\"><img loading=\"lazy\" decoding=\"async\" width=\"283\" height=\"283\" src=\"https:\/\/www.stt-meisterschaft.at\/wp-content\/uploads\/2022\/08\/image-14.png\" alt=\"\" class=\"wp-image-161\" style=\"width:300px;height:300px\" srcset=\"https:\/\/www.stt-meisterschaft.at\/wp-content\/uploads\/2022\/08\/image-14.png 283w, https:\/\/www.stt-meisterschaft.at\/wp-content\/uploads\/2022\/08\/image-14-150x150.png 150w\" sizes=\"auto, (max-width: 283px) 100vw, 283px\" \/><\/figure>\n\n\n\n<p class=\"has-black-color has-text-color\"><br><strong>STT M\u00fchlhuber<\/strong><br>Jan Schaumberger 0664 \/ 5453396<\/p>\n\n\n\n<hr class=\"wp-block-separator has-alpha-channel-opacity\"\/>\n\n\n\n<figure class=\"wp-block-image size-large is-resized\"><img loading=\"lazy\" decoding=\"async\" width=\"869\" height=\"1024\" src=\"https:\/\/www.stt-meisterschaft.at\/wp-content\/uploads\/2022\/08\/STT-Pichler-Offiziell-869x1024.png\" alt=\"\" class=\"wp-image-138\" style=\"width:301px;height:354px\" srcset=\"https:\/\/www.stt-meisterschaft.at\/wp-content\/uploads\/2022\/08\/STT-Pichler-Offiziell-869x1024.png 869w, https:\/\/www.stt-meisterschaft.at\/wp-content\/uploads\/2022\/08\/STT-Pichler-Offiziell-255x300.png 255w, https:\/\/www.stt-meisterschaft.at\/wp-content\/uploads\/2022\/08\/STT-Pichler-Offiziell-768x905.png 768w, https:\/\/www.stt-meisterschaft.at\/wp-content\/uploads\/2022\/08\/STT-Pichler-Offiziell-1304x1536.png 1304w, https:\/\/www.stt-meisterschaft.at\/wp-content\/uploads\/2022\/08\/STT-Pichler-Offiziell-1738x2048.png 1738w, https:\/\/www.stt-meisterschaft.at\/wp-content\/uploads\/2022\/08\/STT-Pichler-Offiziell-1024x1206.png 1024w, https:\/\/www.stt-meisterschaft.at\/wp-content\/uploads\/2022\/08\/STT-Pichler-Offiziell-917x1080.png 917w\" sizes=\"auto, (max-width: 869px) 100vw, 869px\" \/><\/figure>\n\n\n\n<p class=\"has-black-color has-text-color\"><strong>STT Pichler<\/strong><br>Dominik Stra\u00dfer 0664 \/ 3899789<br>Florian Koprivnik  0664 \/ 88348462<br>Christopher Reinprecht \u202a 0660&nbsp;\/ 7708401\u202c<br>Dressen: Gelb\/Schwarz\/Gelb oder Rot\/Rot\/Rot<\/p>\n\n\n\n<hr class=\"wp-block-separator has-alpha-channel-opacity\"\/>\n\n\n\n<figure class=\"wp-block-image size-large is-resized\"><img loading=\"lazy\" decoding=\"async\" width=\"988\" height=\"1024\" src=\"https:\/\/www.stt-meisterschaft.at\/wp-content\/uploads\/2022\/08\/image-10-988x1024.png\" alt=\"\" class=\"wp-image-141\" style=\"width:302px;height:312px\" srcset=\"https:\/\/www.stt-meisterschaft.at\/wp-content\/uploads\/2022\/08\/image-10-988x1024.png 988w, https:\/\/www.stt-meisterschaft.at\/wp-content\/uploads\/2022\/08\/image-10-289x300.png 289w, https:\/\/www.stt-meisterschaft.at\/wp-content\/uploads\/2022\/08\/image-10-768x796.png 768w, https:\/\/www.stt-meisterschaft.at\/wp-content\/uploads\/2022\/08\/image-10-1024x1062.png 1024w, https:\/\/www.stt-meisterschaft.at\/wp-content\/uploads\/2022\/08\/image-10-1042x1080.png 1042w, https:\/\/www.stt-meisterschaft.at\/wp-content\/uploads\/2022\/08\/image-10.png 1170w\" sizes=\"auto, (max-width: 988px) 100vw, 988px\" \/><\/figure>\n\n\n\n<p class=\"has-black-color has-text-color\"><strong>STT W\u00f6rg\u00f6tter<\/strong><br>Wiedner Rene 0664 \/ 4304543<br>Eberhart Mario 0676 \/ 840248803<br>Dressen: Gr\u00fcn \/ Schwarz<\/p>\n\n\n\n<hr class=\"wp-block-separator has-alpha-channel-opacity\"\/>\n\n\n\n<figure class=\"wp-block-image size-large is-resized\"><img loading=\"lazy\" decoding=\"async\" width=\"866\" height=\"1024\" src=\"https:\/\/www.stt-meisterschaft.at\/wp-content\/uploads\/2022\/08\/image-11-866x1024.png\" alt=\"\" class=\"wp-image-142\" style=\"width:301px;height:356px\" srcset=\"https:\/\/www.stt-meisterschaft.at\/wp-content\/uploads\/2022\/08\/image-11-866x1024.png 866w, https:\/\/www.stt-meisterschaft.at\/wp-content\/uploads\/2022\/08\/image-11-254x300.png 254w, https:\/\/www.stt-meisterschaft.at\/wp-content\/uploads\/2022\/08\/image-11-768x909.png 768w, https:\/\/www.stt-meisterschaft.at\/wp-content\/uploads\/2022\/08\/image-11-1298x1536.png 1298w, https:\/\/www.stt-meisterschaft.at\/wp-content\/uploads\/2022\/08\/image-11-1024x1212.png 1024w, https:\/\/www.stt-meisterschaft.at\/wp-content\/uploads\/2022\/08\/image-11-913x1080.png 913w, https:\/\/www.stt-meisterschaft.at\/wp-content\/uploads\/2022\/08\/image-11.png 1731w\" sizes=\"auto, (max-width: 866px) 100vw, 866px\" \/><\/figure>\n\n\n\n<p class=\"has-black-color has-text-color\"><strong>SV Geistthal<\/strong><br>Franz Steinkellner 0660 \/ 4641805 <br>G\u00fcnther Harrer 0664 \/ 9493728<br>Patrick Schmid 0664 \/ 75010671<br>Heimdressen Rot\/schwarz\/wei\u00df<\/p>\n\n\n\n<hr class=\"wp-block-separator has-alpha-channel-opacity\"\/>\n","protected":false},"excerpt":{"rendered":"<p>STT MULTITASKMaximilian Kalkhofer 0664 \/ 1300385Christian Neshold 0660 \/ 3969796Dressen: Rot\/Schwarz\/Rot GSV St. OswaldLukas Trattner 0699 \/ 17117454Gerhard W\u00f6lger 0664 \/ 2015612Heim: Gr\u00fcn SchwarzAusw\u00e4rts: Gelb Schwarz HFC MochartR\u00f6\u00dfl Josef 06767552900Rauscher Pierre 0664 8492237Dressen: Asphaltgrau und Grau-Beige SPG HFC \u201eDiner PIZZBURG\u201c St. JohanKevin Schasche 0660 \/ 2910 240Dominik Schrei 0664 \/ 5148856Heimdressen: Blau\/Schwarz\/Blau HV TDP StainzBOHACEK&hellip; <br \/> <a class=\"read-more\" href=\"https:\/\/www.stt-meisterschaft.at\/index.php\/ansprechpersonen-stt-meisterschaft\/\">Weiterlesen<\/a><\/p>\n","protected":false},"author":1,"featured_media":0,"parent":0,"menu_order":0,"comment_status":"closed","ping_status":"closed","template":"","meta":{"footnotes":""},"class_list":["post-104","page","type-page","status-publish","hentry"],"_links":{"self":[{"href":"https:\/\/www.stt-meisterschaft.at\/index.php\/wp-json\/wp\/v2\/pages\/104","targetHints":{"allow":["GET"]}}],"collection":[{"href":"https:\/\/www.stt-meisterschaft.at\/index.php\/wp-json\/wp\/v2\/pages"}],"about":[{"href":"https:\/\/www.stt-meisterschaft.at\/index.php\/wp-json\/wp\/v2\/types\/page"}],"author":[{"embeddable":true,"href":"https:\/\/www.stt-meisterschaft.at\/index.php\/wp-json\/wp\/v2\/users\/1"}],"replies":[{"embeddable":true,"href":"https:\/\/www.stt-meisterschaft.at\/index.php\/wp-json\/wp\/v2\/comments?post=104"}],"version-history":[{"count":49,"href":"https:\/\/www.stt-meisterschaft.at\/index.php\/wp-json\/wp\/v2\/pages\/104\/revisions"}],"predecessor-version":[{"id":301,"href":"https:\/\/www.stt-meisterschaft.at\/index.php\/wp-json\/wp\/v2\/pages\/104\/revisions\/301"}],"wp:attachment":[{"href":"https:\/\/www.stt-meisterschaft.at\/index.php\/wp-json\/wp\/v2\/media?parent=104"}],"curies":[{"name":"wp","href":"https:\/\/api.w.org\/{rel}","templated":true}]}}